{"id":14818,"date":"2026-08-17T23:21:52","date_gmt":"2026-08-17T23:21:52","guid":{"rendered":"https:\/\/smartescapes.pt\/?page_id=14818"},"modified":"2026-08-18T16:12:14","modified_gmt":"2026-08-18T16:12:14","slug":"informacoes-gerais","status":"publish","type":"page","link":"https:\/\/smartescapes.pt\/pt\/informacoes-gerais\/","title":{"rendered":"Informa\u00e7\u00f5es Gerais"},"content":{"rendered":"<h3 class=\"wp-block-heading\">INFORMA\u00c7\u00d5ES GERAIS DE VIAGEM<\/h3>\n\n\n\n<p class=\"wp-block-paragraph\"><strong>Viagens dentro da Uni\u00e3o Europeia<\/strong><br>&#8211; Todos os passageiros portugueses t\u00eam de ser portadores de Cart\u00e3o de Cidad\u00e3o \/ Bilhete de Identidade (C\u00e9dulas pessoais e Boletins de Nascimento n\u00e3o s\u00e3o v\u00e1lidos);<br>&#8211; Certifique-se que seu cart\u00e3o de cr\u00e9dito \u00e9 aceite no pa\u00eds de destino.<\/p>\n\n\n\n<p class=\"wp-block-paragraph\"><strong>Viagens para fora da Uni\u00e3o Europeia<\/strong><br>&#8211; Passaporte v\u00e1lido durante a estada. Alguns pa\u00edses fora da Uni\u00e3o Europeia permitem a entrada de cidad\u00e3o portugueses s\u00f3 com apresenta\u00e7\u00e3o de Cart\u00e3o de cidad\u00e3o. Em caso de d\u00favida, questione o seu Consultor de viagens;<br>&#8211; Alguns pa\u00edses exigem passaporte com m\u00ednimo de validade de 6 meses, para al\u00e9m do final da viagem. Informe-se com o seu Consultor de viagem dos requisitos necess\u00e1rios para o pa\u00eds de destino;<br>&#8211; Alguns pa\u00edses exigem visto de entrada. Informe-se junto do seu Consultor de Viagens;<br>&#8211; Certifique-se que seu cart\u00e3o de cr\u00e9dito \u00e9 aceite no pa\u00eds de destino.<\/p>\n\n\n\n<p class=\"wp-block-paragraph\"><strong>Autoriza\u00e7\u00e3o Eletr\u00f3nica de Viagem (eTA)<\/strong><br>Diversos pa\u00edses implementaram um sistema de autoriza\u00e7\u00e3o eletr\u00f3nica de viagem (eTA) que possibilita a entrada no pa\u00eds de cidad\u00e3os estrangeiros isentos de visto que viajam ou que fazem transito no seu territ\u00f3rio. Pa\u00edses como Canad\u00e1, Estados Unidos, Turquia, Austr\u00e1lia, entre outros, t\u00eam implementado, este sistema.&nbsp;<\/p>\n\n\n\n<p class=\"wp-block-paragraph\"><strong>Viagens para os Estados Unidos (Incluindo Porto Rico\/St. Thomas\/St. Johns)<\/strong><br>&#8211; Todos os viajantes que viajem para os EUA ao abrigo do Programa &#8220;Visa Waiver&#8221; dever\u00e3o obrigatoriamente obter uma autoriza\u00e7\u00e3o pr\u00e9via denominada ESTA (Electronic System of Travel Authorization);<br>&#8211; O ESTA \u00e9 obtido atrav\u00e9s da Internet, no site oficial do Departamento de Seguran\u00e7a Interna, no seguinte endere\u00e7o:&nbsp;<a href=\"https:\/\/esta.cbp.dhs.gov\/esta\">https:\/\/esta.cbp.dhs.gov\/esta<\/a>;<br>&#8211; A autoriza\u00e7\u00e3o concedida \u00e9 v\u00e1lida at\u00e9 \u00e0 data indicada pelo Departamento de Seguran\u00e7a Interna ou at\u00e9 ao termo da validade do passaporte do titular;<br>&#8211; Esta autoriza\u00e7\u00e3o de viagem tem um custo associado;<br>&#8211; Se esteve recentemente em CUBA e pretende viajar para os Estados Unidos informe-se sobre as restri\u00e7\u00f5es impostas pelo governo dos EUA.<\/p>\n\n\n\n<p class=\"wp-block-paragraph\"><strong>Passageiros Estrangeiros<\/strong><br>&#8211; Sempre que se trate de passageiros estrangeiros (a residir ou n\u00e3o em territ\u00f3rio Nacional) dever\u00e3o consultar a respetiva embaixada ou Consulado do pa\u00eds que pretendem visitar.<br>&#8211; Os cidad\u00e3os de pa\u00edses fora do acordo SCHENGEN, para al\u00e9m das formalidades exigidas pelos pa\u00edses que v\u00e3o visitar, ao regressarem a Portugal, se efetuarem alguma escala noutro pa\u00eds do acordo, ter\u00e3o de obter visto SCHENGEN.<\/p>\n\n\n\n<p class=\"wp-block-paragraph\"><br><strong>Viagens acompanhado com menores<\/strong><br>a) Menores filhos de pais casados a viajar com Pai e M\u00e3e ou s\u00f3 com um dos progenitores:<br>i. Destinos comunit\u00e1rios: Necess\u00e1rio Cart\u00e3o de Cidad\u00e3o ou Passaporte v\u00e1lido.<br>ii.Destinos fora da comunidade: Necess\u00e1rio Passaporte v\u00e1lido e Cart\u00e3o Cidad\u00e3o.<br>b)Menores a viajarem com outra pessoa ou n\u00e3o acompanhados:<br>i.Necess\u00e1rios os documentos descritos no precedente ponto a) e autoriza\u00e7\u00e3o de sa\u00edda que deve constar de documento escrito, datado e com a assinatura de quem exerce o poder paternal legalmente certificada, conferindo ainda poderes de acompanhamento por terceiros devidamente identificados.<\/p>\n\n\n\n<p class=\"wp-block-paragraph\"><strong>S\u00e3o ainda necess\u00e1rios os seguintes documentos para as seguintes situa\u00e7\u00f5es:<\/strong><br>&#8211; Menor, filho de pais solteiros, divorciados, separados judicialmente de pessoas e bens, ou cuja casamento foi declarado nulo ou anulado: A autoriza\u00e7\u00e3o de sa\u00edda tem de ser prestada pelo ascendente a quem foi confiado e\/ou com quem reside.<br>&#8211; Menor, \u00f3rf\u00e3o de um dos progenitores: A autoriza\u00e7\u00e3o de sa\u00edda deve ser elaborada pelo progenitor sobrevivo<br>&#8211; Menor, cuja filia\u00e7\u00e3o foi estabelecida apenas quanto a um dos progenitores: A autoriza\u00e7\u00e3o de sa\u00edda deve ser da autoria do progenitor relativo ao qual a filia\u00e7\u00e3o est\u00e1 estabelecida<br>&#8211; Menor, confiado a terceira pessoa ou a estabelecimento de educa\u00e7\u00e3o ou assist\u00eancia: Nestes casos, a autoriza\u00e7\u00e3o de sa\u00edda \u00e9 da compet\u00eancia da pessoa a quem o tribunal atribuiu o exerc\u00edcio da responsabilidade parental;<br>&#8211; Menor adotado ou em processo de ado\u00e7\u00e3o: A autoriza\u00e7\u00e3o de sa\u00edda deste menor depende de autoriza\u00e7\u00e3o do adotante ou de um dos adotantes, se estes forem casados.<\/p>\n\n\n\n<p class=\"wp-block-paragraph\">Obs. Constando das referidas autoriza\u00e7\u00f5es de sa\u00edda a men\u00e7\u00e3o expressa de que o subscritor da declara\u00e7\u00e3o \u00e9 o titular do poder paternal, compete \u00e0 entidade que faz a sua certifica\u00e7\u00e3o (not\u00e1rio; conservador; oficial de registo, advogado ou solicitador) a verifica\u00e7\u00e3o\/confirma\u00e7\u00e3o da rela\u00e7\u00e3o de parentesco ou outra que ligue o menor ao seu subscritor.<br>Em todas as situa\u00e7\u00f5es em que n\u00e3o se menciona expressamente a forma de provar a titularidade do poder paternal. Deve apresentar-se ent\u00e3o, juntamente com aquela, a decis\u00e3o judicial que estabelece o poder paternal ou outro documento que confirme rela\u00e7\u00e3o entre ambos.<br>O n\u00e3o cumprimento destas normas pode acarretar penaliza\u00e7\u00f5es sobre os passageiros.<\/p>\n\n\n\n<p class=\"wp-block-paragraph\">Estas informa\u00e7\u00f5es foram prestadas pelos organismos competentes, pelo que a Ag\u00eancia n\u00e3o \u00e9 respons\u00e1vel por altera\u00e7\u00f5es ou omiss\u00f5es de informa\u00e7\u00e3o, sendo a obten\u00e7\u00e3o da correta documenta\u00e7\u00e3o da exclusiva responsabilidade dos passageiros. A Ag\u00eancia recomenda, em caso de d\u00favidas, contactar com o Servi\u00e7o de Estrangeiros e Fronteiras (tel.: 217 115 000 &#8211; rede fixa)<\/p>\n\n\n\n<p class=\"wp-block-paragraph\"><strong>Condi\u00e7\u00f5es meteorol\u00f3gicas<\/strong><br>As altera\u00e7\u00f5es clim\u00e1ticas tornaram ainda mais imprevis\u00edvel a ocorr\u00eancia de fen\u00f3menos naturais. Neste sentido, n\u00e3o poder\u00e1 ser imputada qualquer responsabilidade \u00e0 Ag\u00eancia de viagens pela sua ocorr\u00eancia. Se viaja para um destino onde esteja a ocorrer fen\u00f3menos meteorol\u00f3gicos importantes, informe-se previamente das precau\u00e7\u00f5es a tomar.<br>Para mais informa\u00e7\u00f5es, consulte o site da Organiza\u00e7\u00e3o Mundial de Meteorologia&nbsp;<a href=\"https:\/\/worldweather.wmo.int\/en\/home.html\">https:\/\/worldweather.wmo.int\/en\/home.html<\/a>.<\/p>\n\n\n\n<p class=\"wp-block-paragraph\"><strong>Formalidades Sanit\u00e1rias<\/strong><br>&#8211; Se viaja na Uni\u00e3o Europeia, Espa\u00e7o Econ\u00f3mico Europeu ou Su\u00ed\u00e7a, fa\u00e7a-se acompanhar do Cart\u00e3o Europeu de Seguro de Doen\u00e7a (CESD).<br>Informa\u00e7\u00f5es em&nbsp;<a href=\"https:\/\/www.seg-social.pt\/pedido-cartao-europeu-seguro-doenca\">https:\/\/www.seg-social.pt\/pedido-cartao-europeu-seguro-doenca<\/a>.<br>&#8211; Atempadamente informe-se se o pa\u00eds que vai visitar exige a apresenta\u00e7\u00e3o do Certificado Internacional de Vacina\u00e7\u00e3o ou de Profilaxia com anota\u00e7\u00e3o da vacina contra a febre amarela. A vacina\u00e7\u00e3o contra a febre amarela dever\u00e1 realizar-se com uma anteced\u00eancia m\u00ednima de 10 dias antes do in\u00edcio da viagem. Uma dose \u00fanica de vacina contra a febre amarela confere prote\u00e7\u00e3o para toda a vida n\u00e3o sendo necess\u00e1rias doses de refor\u00e7o. Pode consultar a Lista de Centros de Vacina\u00e7\u00e3o Internacional abaixo;<br>&#8211; Caso de desloque a um pa\u00eds de clima tropical ou com doen\u00e7as end\u00e9micas, efetue antecipadamente, 6 a 4 semanas antes da partida, uma Consulta do Viajante.<\/p>\n\n\n\n<p class=\"wp-block-paragraph\"><strong>Viajantes portadores de quantia igual ou superior a \u20ac10.000 (dez mil euros)<\/strong><br>&#8211; Os viajantes que entrem no territ\u00f3rio da Uni\u00e3o Europeia ou dele saiam transportando consigo uma quantia igual ou superior a \u20ac10.000 (dez mil euros) devem declar\u00e1-lo \u00e0 Alfandega. A n\u00e3o declara\u00e7\u00e3o da posse de tal quantia poder\u00e1 implicar a reten\u00e7\u00e3o da mesma por parte das respetivas autoridades e a aplica\u00e7\u00e3o de uma san\u00e7\u00e3o.<\/p>\n\n\n\n<p class=\"wp-block-paragraph\"><strong>Direitos dos passageiros<\/strong><br>Na Uni\u00e3o Europeia, os direitos dos passageiros a\u00e9reos est\u00e3o assegurados por um regulamento comum a todos os Estados membros. Consulte os seus direitos&nbsp;<a href=\"https:\/\/europa.eu\/youreurope\/citizens\/travel\/passenger-rights\/air\/index_pt.htm\">aqui.<\/a><\/p>\n\n\n\n<p class=\"wp-block-paragraph\"><strong>No destino<\/strong><br>&#8211; \u00c9 aconselh\u00e1vel a utiliza\u00e7\u00e3o do cofre dos hot\u00e9is para guarda dos seus documentos de identifica\u00e7\u00e3o. \u00c9 suficiente, na maior parte dos pa\u00edses, a exibi\u00e7\u00e3o de fotoc\u00f3pia dos documentos, autenticada com selo a \u00f3leo do hotel.<br>&#8211;&nbsp;N\u00e3o transporte malas ou embrulhos que n\u00e3o lhe perten\u00e7am e mantenha sempre sob vigil\u00e2ncia a sua bagagem<br>&#8211;&nbsp;Recuse e evite qualquer tipo de contacto, manipula\u00e7\u00e3o ou consumo de drogas. Poder\u00e1 enfrentar, consoante a lei de cada pa\u00eds, multas pesadas, longas penas de pris\u00e3o em condi\u00e7\u00f5es dif\u00edceis ou mesmo a pena de morte.<br>&#8211; Nos pa\u00edses mu\u00e7ulmanos e orientais, o viajante deparar\u00e1 com culturas muito diferentes da ocidental, devendo observar as regulamenta\u00e7\u00f5es locais relativas ao vestu\u00e1rio e formas de comportamento. O consumo de drogas e de bebidas alco\u00f3licas \u00e9 geralmente punido com pesadas penas de pris\u00e3o.<br>&#8211; Em caso de necessidade, as Sec\u00e7\u00f5es consulares das Embaixadas e os Consulados Portugueses podem prestar apoio aos viajantes. Esse apoio traduz-se na:<br>Emiss\u00e3o de documento de identifica\u00e7\u00e3o provis\u00f3rio em casos de extravio, perda ou roubo da documenta\u00e7\u00e3o;<br>Facilita\u00e7\u00e3o do contacto com unidades hospitalares, em caso de acidente ou doen\u00e7a e com advogados em caso de deten\u00e7\u00e3o;<\/p>\n\n\n\n<p class=\"wp-block-paragraph\">A prote\u00e7\u00e3o consular n\u00e3o poder\u00e1, no entanto, libert\u00e1-lo da pris\u00e3o, pagar as contas do hotel, m\u00e9dico, advogado ou outras.<br>Nos pa\u00edses n\u00e3o pertencentes \u00e0 Uni\u00e3o Europeia e onde n\u00e3o exista representa\u00e7\u00e3o consular portuguesa, pode solicitar aux\u00edlio junto das Embaixadas e Consulados de outros Estados membros da UE.<br>Para mais informa\u00e7\u00f5es sobre o pa\u00eds de destino, consulte o site&nbsp;<a href=\"https:\/\/portaldascomunidades.mne.gov.pt\/pt\/vai-viajar\/conselhos-aos-viajantes\">https:\/\/portaldascomunidades.mne.gov.pt\/pt\/vai-viajar\/conselhos-aos-viajantes<\/a><br>Recomendamos descarregue (gratuitamente) a aplica\u00e7\u00e3o para Smartphone do Registo do Viajante (Secretaria-Geral do Min. Neg. Estrangeiros).<\/p>\n\n\n\n<p class=\"wp-block-paragraph\"><strong>Carta de Condu\u00e7\u00e3o<\/strong><br>Caso v\u00e1 conduzir, verifique se a sua carta de condu\u00e7\u00e3o est\u00e1 dentro do prazo de validade e se \u00e9 reconhecida pelo pa\u00eds que pretende visitar. Informe-se da legisla\u00e7\u00e3o local e cumpra escrupulosamente o C\u00f3digo da Estrada do pa\u00eds por onde viaja. Lembre-se que muitos pa\u00edses utilizam mecanismos de aplica\u00e7\u00e3o imediata da san\u00e7\u00e3o decorrente da infra\u00e7\u00e3o praticada. Para solicitar a LIC (Licen\u00e7a Internacional de Condu\u00e7\u00e3o) clique em&nbsp;<a href=\"https:\/\/www.imt-ip.pt\/sites\/IMTT\/Portugues\/Condutores\/CartaConducao\/licenainternacionalconducao\/Paginas\/Paginaparalistagemdesubmenu.aspx\">https:\/\/www.imt-ip.pt\/sites\/IMTT\/Portugues\/Condutores\/CartaConducao\/licenainternacionalconducao\/Paginas\/Paginaparalistagemdesubmenu.aspx<\/a><\/p>\n\n\n\n<hr class=\"wp-block-separator has-alpha-channel-opacity\"\/>\n\n\n\n<p class=\"wp-block-paragraph\"><\/p>\n\n\n\n<h3 class=\"wp-block-heading\"><strong>MEDIDAS DE SEGURAN\u00c7A NOS AEROPORTOS<\/strong><\/h3>\n\n\n\n<p class=\"wp-block-paragraph\">Para prote\u00e7\u00e3o dos passageiros contra a amea\u00e7a de explosivos l\u00edquidos, foram adotadas medidas de seguran\u00e7a que restringe a quantidade de l\u00edquidos que pode transportar na bagagem de m\u00e3o. Estas medidas aplicam-se a todos os passageiros independentemente do aeroporto de origem e\/ou destino.<\/p>\n\n\n\n<p class=\"wp-block-paragraph\"><strong>Quando prepara a sua mala<br><\/strong>S\u00f3 lhe \u00e9 permitido levar na bagagem de m\u00e3o pequenas quantidades de l\u00edquidos. Estes l\u00edquidos t\u00eam de estar em embalagens individuais com uma capacidade m\u00e1xima de 100ml cada. Tem ainda que as transportar num saco transparente, fechado, reutiliz\u00e1vel, com o m\u00e1ximo de capacidade de 1 (um) litro por passageiro.<\/p>\n\n\n\n<p class=\"wp-block-paragraph\"><strong>No aeroporto<br><\/strong>Para ajudar os operadores de raio-x a detetar l\u00edquidos, ter\u00e1 de:<br>&#8211; Apresentar para inspe\u00e7\u00e3o todos os l\u00edquidos transportados; &#8211; Colocar o seu casaco\/Blus\u00e3o\/ sobretudo para que seja inspecionado separadamente;<br>&#8211; Retirar computadores port\u00e1teis e outro material eletr\u00f3nico de grande dimens\u00e3o da sua bagagem de m\u00e3o para serem inspecionados separadamente;<br>&#8211; Poder\u00e1 ser solicitado para retirar cintos e, no caso de sapatos com salto, ser solicitado para se descal\u00e7ar.<\/p>\n\n\n\n<p class=\"wp-block-paragraph\"><strong>A express\u00e3o \u201cl\u00edquidos\u201d, inclui:<br><\/strong>&#8211; \u00c1gua e outras bebidas, sopas, xaropes<br>&#8211; Perfumes<br>&#8211; Pastas, incluindo pastas de dentes<br>&#8211; R\u00edmel<br>&#8211; Cremes, lo\u00e7\u00f5es, \u00f3leos<br>&#8211; Sprays<br>&#8211; Conte\u00fados de embalagens pressurizadas, ex.: Espuma de barbear, desodorizante<br>&#8211; Gel, incluindo de cabelo e duche<br>&#8211; Misturas l\u00edquidas<br>&#8211; Qualquer outro artigo de consist\u00eancia similar<\/p>\n\n\n\n<p class=\"wp-block-paragraph\"><strong>Continua a poder:<\/strong><br>&#8211; Transportar l\u00edquidos na bagagem que despacha no check-in (por\u00e3o);<br>&#8211; Transportar na bagagem de m\u00e3o medicamentos e produtos diet\u00e9ticos, incluindo comida para beb\u00e9, para uso durante a viagem. Poder\u00e1 ser pedido que fa\u00e7a prova da sua necessidade;<br>&#8211; Comprar l\u00edquidos, tais como bebidas e perfumes, numa loja de um aeroporto, quando localizada ap\u00f3s o controlo de seguran\u00e7a ou a bordo de uma aeronave;<br>Se estes artigos foram vendidos num saco especial selado, n\u00e3o abra o mesmo antes da partida, de outra forma os artigos podem ser confiscados num rastreio de seguran\u00e7a;<br>Se efetuar transfer\u00eancias de voos interm\u00e9dias at\u00e9 ao seu destino, mantenha o saco fechado com o comprovativo (recibo) de compra no interior.<\/p>\n\n\n\n<hr class=\"wp-block-separator has-alpha-channel-opacity\"\/>\n\n\n\n<p class=\"wp-block-paragraph\"><\/p>\n\n\n\n<h3 class=\"wp-block-heading\"><br><strong>Nota Importante<\/strong><\/h3>\n\n\n\n<p class=\"wp-block-paragraph\">Este documento resume, a t\u00edtulo informativo, elementos principais da respetiva legisla\u00e7\u00e3o da UE.<br>A Ag\u00eancia declina qualquer responsabilidade por altera\u00e7\u00f5es ou omiss\u00f5es de informa\u00e7\u00e3o. A Ag\u00eancia aceita como fidedignas as informa\u00e7\u00f5es prestadas pelos clientes.<br>As regras e procedimentos de viagem sofrem altera\u00e7\u00f5es muito frequentes fruto do estado de seguran\u00e7a e\/ou epidemiol\u00f3gico de cada Pa\u00eds, pelo que aconselhamos que verifique regularmente antes da sua viagem as regras e procedimentos atualizados, para que possa agir em caso de altera\u00e7\u00f5es.<br>Caso tenha d\u00favidas, contacte o seu Consultor de viagem.<\/p>\n\n\n\n<h3 class=\"wp-block-heading\">Links importantes a ser consultados antes de viajar<\/h3>\n\n\n\n<p class=\"wp-block-paragraph\"><strong><a href=\"https:\/\/portaldascomunidades.mne.gov.pt\/pt\/vai-viajar\/registo-do-viajante\" target=\"_blank\" rel=\"noreferrer noopener\">Portal das Comunidades<\/a>\u00a0<\/strong><br>Recomenda-se a todos os que v\u00e3o viajar, que fa\u00e7am o registo antes da viagem. Tamb\u00e9m podem optar por instalar a aplica\u00e7\u00e3o no telem\u00f3vel.<\/p>\n\n\n\n<p class=\"wp-block-paragraph\"><strong><a href=\"https:\/\/www.dgs.pt\/corona-virus\" target=\"_blank\" rel=\"noreferrer noopener\">DGS (Dire\u00e7\u00e3o Geral de Sa\u00fade<\/a>)\u00a0<\/strong><br>Para informa\u00e7\u00e3o aos utentes no territ\u00f3rio nacional.<\/p>\n\n\n\n<p class=\"wp-block-paragraph\"><strong><a href=\"https:\/\/www.who.int\/emergencies\/diseases\/novel-coronavirus-2019\" target=\"_blank\" rel=\"noreferrer noopener\">WHO (Organiza\u00e7\u00e3o Mundial de Sa\u00fade)<\/a>&nbsp;<\/strong><br>Para informa\u00e7\u00f5es e recomenda\u00e7\u00f5es oficiais ao n\u00edvel mundial.<\/p>","protected":false},"excerpt":{"rendered":"<p>INFORMA\u00c7\u00d5ES GERAIS DE VIAGEM Viagens dentro da Uni\u00e3o Europeia&#8211; Todos os passageiros portugueses t\u00eam de ser portadores de Cart\u00e3o de Cidad\u00e3o \/ Bilhete de Identidade (C\u00e9dulas pessoais e Boletins de Nascimento n\u00e3o s\u00e3o v\u00e1lidos);&#8211; Certifique-se que seu cart\u00e3o de cr\u00e9dito \u00e9 aceite no pa\u00eds de destino. Viagens para fora da Uni\u00e3o Europeia&#8211; Passaporte v\u00e1lido durante [&hellip;]<\/p>\n","protected":false},"author":1,"featured_media":14454,"parent":0,"menu_order":0,"comment_status":"closed","ping_status":"closed","template":"","meta":{"footnotes":""},"class_list":["post-14818","page","type-page","status-publish","has-post-thumbnail","hentry"],"_links":{"self":[{"href":"https:\/\/smartescapes.pt\/pt\/wp-json\/wp\/v2\/pages\/14818","targetHints":{"allow":["GET"]}}],"collection":[{"href":"https:\/\/smartescapes.pt\/pt\/wp-json\/wp\/v2\/pages"}],"about":[{"href":"https:\/\/smartescapes.pt\/pt\/wp-json\/wp\/v2\/types\/page"}],"author":[{"embeddable":true,"href":"https:\/\/smartescapes.pt\/pt\/wp-json\/wp\/v2\/users\/1"}],"replies":[{"embeddable":true,"href":"https:\/\/smartescapes.pt\/pt\/wp-json\/wp\/v2\/comments?post=14818"}],"version-history":[{"count":5,"href":"https:\/\/smartescapes.pt\/pt\/wp-json\/wp\/v2\/pages\/14818\/revisions"}],"predecessor-version":[{"id":14863,"href":"https:\/\/smartescapes.pt\/pt\/wp-json\/wp\/v2\/pages\/14818\/revisions\/14863"}],"wp:featuredmedia":[{"embeddable":true,"href":"https:\/\/smartescapes.pt\/pt\/wp-json\/wp\/v2\/media\/14454"}],"wp:attachment":[{"href":"https:\/\/smartescapes.pt\/pt\/wp-json\/wp\/v2\/media?parent=14818"}],"curies":[{"name":"wp","href":"https:\/\/api.w.org\/{rel}","templated":true}]}}